{"id":1100,"date":"2026-05-01T09:33:45","date_gmt":"2026-05-01T07:33:45","guid":{"rendered":"https:\/\/antara.hu\/?page_id=1100"},"modified":"2026-05-01T10:07:08","modified_gmt":"2026-05-01T08:07:08","slug":"atina-ai-chat","status":"publish","type":"page","link":"https:\/\/antara.hu\/en\/atina-ai-chat\/","title":{"rendered":"Atina AI Chat"},"content":{"rendered":"\n<style>\n \/* Mobil n\u00e9zet jav\u00edt\u00e1sa *\/\n @media (max-width: 768px) {\n   #antara-widget {\n     width: 100% !important;\n     max-width: 100% !important;\n     margin: 0 !important;\n     border-radius: 0 !important;\n     box-shadow: none !important;\n     border: none !important;\n   }\n   #antara-body {\n     max-height: none !important;\n     height: auto !important;\n   }\n }\n\n \/* Sz\u00f6veg l\u00e1that\u00f3s\u00e1g\u00e1nak jav\u00edt\u00e1sa *\/\n #antara-widget label, \n #antara-widget p, \n #antara-widget div {\n   color: #333 !important; \/* M\u00e9lysz\u00fcrke\/Fekete sz\u00f6veg *\/\n   text-shadow: none !important;\n }\n #antara-widget strong {\n   color: #000 !important; \/* A kiemelt r\u00e9szek legyenek teljesen feket\u00e9k *\/\n }\n<\/style>\n\n<div id=\"antara-widget\" style=\"position:relative; margin:20px auto; width:500px; max-width:95%; background:#fff; border:1px solid #999; border-radius:12px; box-shadow:0 6px 20px rgba(0,0,0,0.15); font-family:'Arial', sans-serif; font-size:15px; overflow:hidden;\">\n<div id=\"antara-header\" style=\"padding:15px; background:#ff5555; color:#fff; font-weight:bold; text-align:center; font-size:16px;\">\n  \ud83d\udcac Szia Atina AI vagyok, miben seg\u00edthetek?\n<\/div>\n\n<div id=\"antara-body\" style=\"display:block; padding:20px; max-height:750px; overflow-y:auto; background:#fff;\">\n\n  <!-- \u00c1rkalkul\u00e1tor r\u00e9sz -->\n  <div id=\"calc-form\">\n    <label style=\"font-weight:bold; color:#000; display:block; margin-bottom:5px;\">V\u00e1lassz szezont:<\/label>\n    <select id=\"season\" style=\"width:100%; padding:15px; border-radius:6px; border:2px solid #ccc; color:#000; font-weight:500;\">\n      <option value=\"eloutoszezon\">El\u0151-\/Ut\u00f3szezon (jan.03\u2013m\u00e1j.15, szept.16\u2013dec.29)<\/option>\n      <option value=\"foszezon\">F\u0151szezon (m\u00e1j.16\u2013m\u00e1j.31, szept.01\u2013szept.15)<\/option>\n      <option value=\"csucsszezon\">Cs\u00facsszezon (j\u00fan.01\u2013aug.31)<\/option>\n    <\/select>\n    <br><br>\n    <div style=\"display: flex; flex-wrap: wrap; gap: 15px;\">\n      <div>\n        <label style=\"font-weight:bold; color:#000;\">F\u0151 (3 \u00e9v felett):<\/label><br>\n        <input type=\"number\" id=\"adults\" min=\"1\" max=\"10\" value=\"2\" style=\"width:70px; padding:8px; border:2px solid #ccc; border-radius:6px; font-weight:bold; color:#000;\">\n      <\/div>\n      <div>\n        <label style=\"font-weight:bold; color:#000;\">Gyerek (0\u20133 \u00e9v):<\/label><br>\n        <input type=\"number\" id=\"kids\" min=\"0\" max=\"6\" value=\"0\" style=\"width:70px; padding:8px; border:2px solid #ccc; border-radius:6px; font-weight:bold; color:#000;\">\n      <\/div>\n      <div>\n        <label style=\"font-weight:bold; color:#000;\">Kutyus (max 2):<\/label><br>\n        <input type=\"number\" id=\"dogs\" min=\"0\" max=\"2\" value=\"0\" style=\"width:70px; padding:8px; border:2px solid #ccc; border-radius:6px; font-weight:bold; color:#000;\">\n      <\/div>\n      <div>\n        <label style=\"font-weight:bold; color:#000;\">\u00c9jszak\u00e1k:<\/label><br>\n        <input type=\"number\" id=\"nights\" min=\"1\" max=\"14\" value=\"3\" style=\"width:70px; padding:8px; border:2px solid #ccc; border-radius:6px; font-weight:bold; color:#000;\">\n      <\/div>\n    <\/div>\n    <br>\n    <button id=\"calc-price\" style=\"background:#ff5555; color:#fff; border:none; padding:14px; border-radius:6px; cursor:pointer; width:100%; font-weight:bold; font-size:16px; box-shadow: 0 2px 5px rgba(0,0,0,0.2);\">\u00c1RKALKUL\u00c1CI\u00d3<\/button>\n    <div id=\"calc-result\" style=\"margin-top:15px; padding:12px; background:#f0f0f0; border-radius:6px; line-height:1.5; border-left:5px solid #ff5555; color:#000; font-weight:500;\"><\/div>\n  <\/div>\n\n  <hr style=\"margin:25px 0; border:0; border-top:2px solid #eee;\">\n\n  <!-- Chat r\u00e9sz -->\n  <div id=\"chat-area\">\n    <p style=\"margin-bottom:10px; font-weight:bold; color:#000; font-size:15px;\">Tov\u00e1bbi k\u00e9rd\u00e9sed van a nyaral\u00f3r\u00f3l? K\u00e9rdezz t\u0151lem :<\/p>\n    <div style=\"display:flex; gap:8px;\">\n      <input type=\"text\" id=\"chat-input\" placeholder=\"\u00cdrd ide a k\u00e9rd\u00e9sed...\" style=\"flex:1; padding:12px; border:2px solid #ccc; border-radius:6px; color:#000; font-weight:500;\">\n      <button id=\"chat-send\" style=\"width:55px; background:#ff5555; color:#fff; border:none; border-radius:6px; cursor:pointer; font-size:18px;\">\u27a4<\/button>\n    <\/div>\n    <div id=\"chat-log\" style=\"margin-top:15px; max-height:300px; overflow-y:auto; border-top:1px solid #ddd; padding-top:15px;\"><\/div>\n  <\/div>\n<\/div>\n<\/div>\n\n<script>\n\/* (A JavaScript logika v\u00e1ltozatlan marad, hogy minden funkci\u00f3 megmaradjon) *\/\nconst SCRIPT_URL = \"https:\/\/script.google.com\/macros\/s\/AKfycbwH04EqLgvtsgcQ-KpSj0pZvyqc4rpPIOvJVc4ZqqhYdxInFMVAxLqlSPnaPKmmmljF\/exec\";\nconst chatLog = document.getElementById('chat-log');\nconst chatInput = document.getElementById('chat-input');\nconst chatSend = document.getElementById('chat-send');\n\ndocument.getElementById('calc-price').onclick = () => {\nconst season = document.getElementById('season').value;\nconst adults = parseInt(document.getElementById('adults').value);\nconst dogs = parseInt(document.getElementById('dogs').value);\nlet nights = parseInt(document.getElementById('nights').value);\nlet pricePerNight = 0, minNights = 1, discountText = '';\n\nif (season === 'eloutoszezon') { pricePerNight = adults <= 5 ? 75000 : 90000; minNights = 2; if (nights >= 4) discountText = '+1 aj\u00e1nd\u00e9k \u00e9jszaka!'; }\nelse if (season === 'foszezon') { pricePerNight = adults <= 7 ? 100000 : 100000 + (adults - 7) * 10000; minNights = 3; if (nights >= 4) discountText = '-10% kedvezm\u00e9ny'; }\nelse if (season === 'csucsszezon') { pricePerNight = adults <= 7 ? 140000 : 140000 + (adults - 7) * 15000; minNights = 4; }\n\nif (nights < minNights) { document.getElementById('calc-result').innerHTML = `<strong style=\"color:red;\">Hiba: Minim\u00e1lis foglal\u00e1s ebben a szezonban ${minNights} \u00e9jszaka!<\/strong>`; return; }\nlet basePrice = pricePerNight * nights;\nif (season === 'foszezon' && nights >= 4) basePrice = Math.round(basePrice * 0.9);\nconst dogFee = dogs * 5000 * nights;\n\ndocument.getElementById('calc-result').innerHTML = `<strong style=\"font-size:16px;\">Kalkul\u00e1lt \u00f6sszeg:<\/strong><br>\u00c9jszak\u00e1k sz\u00e1ma: ${nights}<br>${discountText ? `<span style=\"color:green; font-weight:bold;\">Kedvezm\u00e9ny: ${discountText}<\/span><br>` : ''}<span style=\"font-size:18px; color:#ff5555;\"><strong>${basePrice.toLocaleString()} Ft<\/strong><\/span><br><small style=\"color:#555;\">(+25.000 Ft takar\u00edt\u00e1s + IFA + kutyad\u00edj ${dogFee.toLocaleString()} Ft)<\/small>`;\n};\n\nlet gyik = [\n {\"q\":[\"szia\",\"hello\",\"hell\u00f3\",\"\u00dcdv\",\"j\u00f3 napot\"],\"a\":\"Szia, Atina vagyok! \u00dcdv\u00f6z\u00f6llek az Antara Nyaral\u00f3 AI chatj\u00e9ben, miben seg\u00edthetek? K\u00e9rlek a k\u00e9rd\u00e9sed k\u00fcl\u00f6n \u00edrd meg nekem!\"},\n {\"q\":[\"vend\u00e9gh\u00e1z\",\"hol tal\u00e1lhat\u00f3 a nyaral\u00f3\",\"hol van a nyaral\u00f3\",\"merre van a nyaral\u00f3\",\"merre tal\u00e1lhat\u00f3 a nyaral\u00f3\"],\"a\":\"Az Antara nyaral\u00f3 B\u00e9k\u00e9sszentandr\u00e1son, a Holt-K\u00f6r\u00f6s K\u00e1kafoki-holt\u00e1g\u00e1n, a Dinnyelaposi \u00fcd\u00fcl\u0151sor 49. sz\u00e1m alatt tal\u00e1lhat\u00f3. Saj\u00e1t v\u00edzparttal \u00e9s st\u00e9ggel rendelkezik.\"},\n\t{\"q\":[\"elektromos\", \"elektromos aut\u00f3\",\"t\u00f6lt\u00e9s\"],\"a\":\"M\u00e9g nincs kialak\u00edtva az elektromos aut\u00f3 t\u00f6lt\u00e9s lehet\u0151s\u00e9ge, mert hivatalosan nem adhatunk el \u00e1ramot, de keress\u00fck a megold\u00e1st\"},\n\t\n\t {\"q\":[\"szabad\",\"Szabad e\",\"foglalt\",\"lehet\u0151s\u00e9g\",\"id\u0151pont\",\"jan\",\"feb\",\"m\u00e1rc\",\"\u00e1pril\",\"m\u00e1j\",\"j\u00fan\",\"jun\",\"j\u00fal\",\"jul\",\"aug\",\"szept\",\"okt\",\"nov\",\"dec\",\"janu\u00e1r\",\"febru\u00e1r\",\"m\u00e1rcius\",\"\u00e1prilis\",\"m\u00e1jus\",\"j\u00fanius\",\"junius\",\"j\u00falius\",\"julius\",\"augusztus\",\"szeptember\",\"okt\u00f3ber\",\"november\",\"december\"],\"a\":\"A foglal\u00e1si napt\u00e1runkban tudod ellen\u0151rizni, hogy szabad-e m\u00e9g az \u00e1ltalad k\u00e9rt id\u0151pont! Pirossal a m\u00e1r lefoglalt d\u00e1tumok, barn\u00e1val az ideiglenesen foglalt \u00e9s z\u00f6ld sz\u00ednnel a szabad id\u0151pontokat tal\u00e1lod meg\"},\n {\"q\":[\"v\u00e9gtakar\u00edt\u00e1s\", \"v\u00e9gtakar\u00edt\u00e1si d\u00edj\", \"v\u00e9gtakar\u00edt\u00e1s\u00e9rt\"],\"a\":\"A v\u00e9gtakar\u00edt\u00e1si d\u00edjat minden esetben kell fizetni, melynek egyszeri d\u00edja: 25.000 Ft.\"},\n{\"q\":[\"Foglalni\",\"Foglal\u00e1s\"],\"a\":\"A foglal\u00e1st a foglal\u00e1si napt\u00e1runkban tudod elk\u00e9sz\u00edteni, az ott k\u00e9rt adatok megad\u00e1s\u00e1val.\"},\n\t{\"q\":[\"h\u00e1ny f\u0151\",\"f\u0151s\",\"f\u0151\",\"f\u00e9r el\",\"nyaral\u00f3 kapacit\u00e1s\",\"szob\u00e1s\",\"szoba\",\"f\u00e9r\u0151hely\",\"hely\",\"elf\u00e9r\",\"elsz\u00e1ll\u00e1sol\",\"szem\u00e9ly\"],\"a\":\"A nyaral\u00f3nk 1-10 f\u0151 k\u00e9nyelmes elhelyez\u00e9s\u00e9re alkalmas, mert 2 h\u00e1l\u00f3szob\u00e1val (4-4f\u0151)\u00e9s 1 nappalival (2f\u0151)rendelkezik. A weboldalunkon a gal\u00e9ri\u00e1ban megn\u00e9zheted a bemutat\u00f3 vide\u00f3nkat, ahol \u00e9n mutatom be szem\u00e9lyesen, teljes r\u00e9szletess\u00e9gel a nyaral\u00f3nkat \u00e9s a f\u00e9r\u0151helyeket.\"},\n {\"q\":[\"j\u00e1tsz\u00f3t\u00e9r\",\"cs\u00faszda\"],\"a\":\"Kifejezetten j\u00e1tsz\u00f3t\u00e9r kialak\u00edt\u00e1s nincs, viszont van egy hatalmas 200nm-es homokoz\u00f3nk, ami igazi mezitl\u00e1bas, feh\u00e9rhomok.\"},\n\t{\"q\":[\"\u00c1rban\",\"\u00c1rba\",\"Aj\u00e1nlat\",\"\u00c1raj\u00e1nlat\",\"\u00c1rak\",\"Aj\u00e1nlatk\u00e9r\u00e9s\",\"\u00e1r\", \"\u00e1rak\", \"mennyibe ker\u00fcl\", \"fizetni kell\",],\"a\":\"\u00c1rakat a fenti \u00e1rkalkul\u00e1torommal tudsz sz\u00e1molni.\"},\n\t\n\t{\"q\":[\"k\u00e1v\u00e9\",\"k\u00e1v\u00e9f\u0151z\u0151\"],\"a\":\"Egy karos, dar\u00e1lt k\u00e1v\u00e9val m\u0171k\u00f6d\u0151 k\u00e1v\u00e9f\u0151z\u00f6nk van.\"},\n\t\n\t{\"q\":[\"id\u0151j\u00e1r\u00e1s\",\"milyen id\u0151\"],\"a\":\"Aktu\u00e1lis id\u0151j\u00e1r\u00e1sr\u00f3l a weboldalunk alj\u00e1n tal\u00e1lsz naprak\u00e9sz el\u0151rejelz\u00e9st.\"},\n\t\n\t{\"q\":[\"p\u00fcnk\u00f6sd\",\"punkosd\"],\"a\":\"A P\u00fcnk\u00f6sdi id\u0151szakra 2026. m\u00e1jus 22.\u2013 m\u00e1jus 25.-ig min. 3 \u00e9j\/ 4 nap,(7 f\u0151-ig 120.000.-Ft\/\u00e9j+IFA, 7 f\u0151 felett +12.000.-Ft\/\u00e9j\/f\u0151 + IFA)\"},\n\n\t{\"q\":[\"horg\u00e1szat\",\"horg\u00e1szni\",\"horg\u00e1szhely\",\"hol lehet horg\u00e1szni\",\"hova \u00e9rdemes dobni\"],\"a\":\"Saj\u00e1t 12m sz\u00e9les v\u00edzpartunk van hatalmas 20 nm es st\u00e9ggel. A st\u00e9gt\u0151l jobbra, \u201e2 \u00f3ra\u201d ir\u00e1nyba, 8\u201310 m-re szoktunk dobni.\"},\n\t\n\n\n\t{\"q\":[\"\u00e9rkez\u00e9si id\u0151\",\"check-in\",\"bejelentkez\u00e9s\",\"id\u0151pont\",\"leghamarabb\",\"hamarabb\",\"elfoglalni\",\"elhagyni\",\"\u00f3r\u00e1t\u00f3l\"],\"a\":\"Bejelentkez\u00e9s 14:00-t\u00f3l, kijelentkez\u00e9s legk\u00e9s\u0151bb 10:00-ig.\"},\n\t{\"q\":[\"teljes h\u00e1z\",\"b\u00e9relhet\u0151\",\"m\u00e1s is\",\"csak mi\"],\"a\":\"A nyaral\u00f3ban a lefoglalt id\u0151szakban csak ti vagytok, rajtatok k\u00edv\u00fcl m\u00e1s nem tart\u00f3zkodik! A teljes h\u00e1zat b\u00e9rlitek.\"},\n\t\n\n {\"q\":[\"\u00e1gy\",\"\u00e1gyak\"],\"a\":\"2 db 160x200 cm luxus kateg\u00f3ri\u00e1s francia\u00e1gy, 35 cm vastag pr\u00e9mium matraccal... A gyerekekre is gondoltunk: \u0151k 2 db emeletes \u00e1gyban aludhatnak, a legkisebbeknek pedig utaz\u00f3 baba\u00e1gyat k\u00e9sz\u00edt\u00fcnk be \u00e9rkez\u00e9skor.\"},\n {\"q\":[\"P\u00fcnk\u00f6sd\",\"M\u00e1jus 1\",\"M\u00e1jus1\",\"H\u00fasv\u00e9t\",\"Kar\u00e1csony\",\"Okt\u00f3ber 23\"],\"a\":\"A kiemelt, hossz\u00fa h\u00e9tv\u00e9gi, \u00fcnnepnapi id\u0151szakokra a foglal\u00e1s min. 3 \u00e9j\/ 4 nap,(7 f\u0151-ig 120.000.-Ft\/\u00e9j+IFA, 7 f\u0151 felett +12.000.-Ft\/\u00e9j\/f\u0151 + IFA)\"},\n {\"q\":[\"jakuzzi\u00e9rt kell fizetni\",\"kell fizetni a jakuzzi\u00e9rt\",\"fizet\u0151s a jakuzzi\",\"jakuzzi fizet\u0151s\",\"ingyenes a jakuzzi\",\"a jakuzzi benne van az \u00e1rban\",\"van fel\u00e1r a jakuzzi\u00e9rt\",\"jacuzzi fizetos\",\"pezsg\u0151f\u00fcrd\u0151 fizet\u0151s e\"],\"a\":\"A Jakuzzi \u00e9s a finn szauna egy intim z\u00e1rt, fedett teraszon helyzkedik el \u00e9s a szauna haszn\u00e1lata d\u00edjmentes. A sz\u00e1ll\u00e1sd\u00edj tartalmazza a szauna haszn\u00e1lat\u00e1t, nem kell k\u00fcl\u00f6n fizetni \u00e9rte.\"},\n {\"q\":[\"szaun\u00e1\u00e9rt kell fizetni\",\"kell fizetni a szaun\u00e1\u00e9rt\",\"fizet\u0151s a szauna\",\"szauna fizet\u0151s\",\"ingyenes a szauna\",\"a szauna benne van az \u00e1rban\",\"van fel\u00e1r a szaun\u00e1\u00e9rt\",\"Fedett\",\"z\u00e1rt\"],\"a\":\"A Jakuzzi \u00e9s a finn szauna egy intim z\u00e1rt, fedett teraszon helyzkedik el \u00e9s a szauna haszn\u00e1lata d\u00edjmentes. A sz\u00e1ll\u00e1sd\u00edj tartalmazza a szauna haszn\u00e1lat\u00e1t, nem kell k\u00fcl\u00f6n fizetni \u00e9rte.\"},\n\n {\"q\":[\"1 \u00e9j\",\"egy\"],\"a\":\"1 \u00e9jszak\u00e1ra sajnos nem lehet a nyaral\u00f3t b\u00e9relni.\"},\n\n {\"q\":[\"nap\u00e1gy\"],\"a\":\"6 db \u00e1ll\u00edthat\u00f3 nap\u00e1gyunk van \u00e9s mindegyiken 1-1 puha szivacsos matrac.\"},\n {\"q\":[\"internet\",\"wifi\"],\"a\":\"A nyaralonkban SpaceX STARLINK cs\u00facsmin\u0151s\u00e9g\u0171 internet van \u00e9s 100-400 Mbps let\u00f6ltessel. HOME OFFICE munk\u00e1hoz kiv\u00e1l\u00f3.\"},\n {\"q\":[\"enged\u00e9ly\",\"nincs\",\"turista\"],\"a\":\"Ha nincs horg\u00e1sz enged\u00e9lyed, turista enged\u00e9ly kiv\u00e1lt\u00e1s\u00e1val van lehet\u0151s\u00e9g napijegyet v\u00e1s\u00e1rolni, de h\u00edvd fel a KHSZ-egyes\u00fcletet!\"},\n\n {\"q\":[\"jakuzzi\",\"tal\u00e1lhat\u00f3 jakuzzi\",\"jacuzzi\",\"pezsg\u0151f\u00fcrd\u0151\"],\"a\":\"Igen, 5 f\u0151 r\u00e9sz\u00e9re alkalmas jakuzzi \u00e1ll rendelkez\u00e9sre.\"},\n {\"q\":[\"szauna\",\"tal\u00e1lhat\u00f3 szauna\",\"finn szauna\"],\"a\":\"Igen, van 5 szem\u00e9lyes finn szauna.\"},\n {\"q\":[\"T\u00e9len m\u0171k\u00f6dik a medence?\"],\"a\":\"Nem m\u0171k\u00f6dik a medence a t\u00e9li id\u0151szakban csak m\u00e1jus 15 - Okt\u00f3ber 15 k\u00f6zt van \u00fczembehelyezve.\"},\n {\"q\":[\"2 lenn\u00e8nk\",\"3 lenn\u00e8nk\",\"vagyunk\",\"4 lenn\u00e8nk\",\"5 lenn\u00e8nk\",\"6 lenn\u00e8nk\",\"7 lenn\u00e8nk\"],\"a\":\"A sz\u00e1ll\u00e1s napi d\u00edja a megadott szezonokban v\u00e1ltoz\u00f3. Pontos napid\u00edjat az \u00c1rak\/Foglal\u00e1s men\u00fcben tal\u00e1lhatsz.\"},\n {\"q\":[\"December 30\",\"31\"],\"a\":\"A szilveszteri id\u0151szakra minimum 3 \u00e9j\/ 4 napra foglalhat\u00f3 (10 f\u0151-ig 170.000.-Ft\/ \u00e9j + IFA).\"},\n {\"q\":[\"el\u00e9rhet\u0151s\u00e9g\",\"telefonsz\u00e1m\"],\"a\":\"Telefonsz\u00e1m: +36 70 60 20342 vagy email: antara@antara.hu\"},\n {\"q\":[\"szabadid\u0151pont\",\"foglalt\",\"szabad\",\"id\u0151pont\",\"szabad id\u0151pont\"],\"a\":\"A k\u00e9rt id\u0151pontra weboldalunkon a foglal\u00e1si napt\u00e1runkban tudod ellen\u0151rizni.\"},\n {\"q\":[\"medence\",\"f\u0171t\u00f6tt medence\"],\"a\":\"F\u0171thet\u0151 medenc\u00e9nk van, m\u00e9rete: 5m X 3,3m \u00e9s a v\u00edzm\u00e9lys\u00e9ge 1,2 m.\"},\n {\"q\":[\"v\u00edzi eszk\u00f6z\u00f6k\",\"v\u00edzibicikli\",\"vizibicikli\",\"sup\"],\"a\":\"1 db v\u00edzibicikli \u00e9s 2 db SUP \u00e1ll rendelkez\u00e9sre, 2 db ment\u0151mell\u00e9nnyel.\"},\n {\"q\":[\"n\u00f6v\u00e9nyek\",\"vir\u00e1g\"],\"a\":\"A kert\u00fcnkben p\u00e1lmaf\u00e1k, ban\u00e1nok, papg\u00e1jvr\u00e1gok, \u00f3ri\u00e1s level\u0171 elefentf\u00fcl, leanderek tal\u00e1lhat\u00f3ak.\"},\n {\"q\":[\"padl\u00f3f\u0171t\u00e9s\",\"f\u0171t\u00e9s\"],\"a\":\"Elektromos padl\u00f3f\u0171t\u00e9s van a nappaliban, a folyos\u00f3n \u00e9s a f\u00fcrd\u0151ben, plusz 3 db h\u0171t\u0151-f\u0171t\u0151 kl\u00edma.\"},\n {\"q\":[\"kl\u00edma\"],\"a\":\"A h\u00e1zban 3 db h\u0171t\u0151-f\u0171t\u0151 kl\u00edma tal\u00e1lhat\u00f3.\"},\n {\"q\":[\"parkol\u00f3\",\"aut\u00f3\"],\"a\":\"A parkol\u00f3ba k\u00e9nyelmesen 4 aut\u00f3 f\u00e9r be, a ter\u00fclet 0\u201324 kamer\u00e1val megfigyelt.\"},\n {\"q\":[\"kinti f\u0151z\u00e9s\",\"t\u0171zhely\",\"szalonnas\u00fct\u0151\",\"bogr\u00e1cs\",\"bogr\u00e1csoz\u00f3\"],\"a\":\"Teljesen felszerelt bogr\u00e1csoz\u00f3: 10 db ny\u00e1rs, h\u00fasr\u00e1cs, bogr\u00e1cs, t\u00e1rcsa \u00e9s t\u0171zifa bek\u00e9sz\u00edtve.\"},\n {\"q\":[\"konyha\",\"felszerelts\u00e9g\",\"konyha felszerelts\u00e9g\"],\"a\":\"Teljesen felszerelt konyha: h\u0171t\u0151, s\u00fct\u0151, mikro, k\u00e1v\u00e9f\u0151z\u0151, ed\u00e9nyek, ev\u0151eszk\u00f6z\u00f6k.\"},\n {\"q\":[\"f\u00fcrd\u0151szoba\",\"zuhanyz\u00f3\",\"f\u00fcrd\u0151szobai zuhanyz\u00f3\"],\"a\":\"1 f\u00fcrd\u0151szoba \u00e9s 2 WC van, a wellness r\u00e9szen k\u00fclt\u00e9ri es\u0151ztet\u0151.\"},\n {\"q\":[\"kutya\",\"h\u00e1zi\u00e1llat\",\"\u00e1llatok\",\"kutyus\",\"\u00e1llatbar\u00e1t\",\"\u00c1llat\"],\"a\":\"Kutyus hozhat\u00f3 (max. 7 kg), 5 000 Ft\/\u00e9j\/kutyus. Cic\u00e1t sajnos nem fogadunk.\"},\n {\"q\":[\"gyerekek\",\"ingyenes a gyerek\",\"gyerekek sz\u00e1m\u00e1ra\"],\"a\":\"3 \u00e9v alatti gyermekek ingyen tart\u00f3zkodhatnak.\"},\n {\"q\":[\"nappali\",\"kanap\u00e9\",\"nappali b\u00fator\",\"kanap\u00e9 \u00e1gy\"],\"a\":\"A nappaliban \u00e1gyazhat\u00f3 sarokgarnit\u00fara: fekv\u0151fel\u00fclet 200 \u00d7 150 cm.\"},\n\t \n\t{\"q\":[\"sz\u00e9p\",\"kartya\",\"fizetes\",\"otp\",\"mbh\",\"kh\"],\"a\":\"N\u00e1lunk mindh\u00e1rom SZ\u00c9P-k\u00e1rty\u00e1val (MBH, OTP, K&H) fizethetsz.\"},\n {\"q\":[\"v\u00edzpart\",\"st\u00e9g\",\"part sz\u00e9less\u00e9ge\",\"teljes part sz\u00e9less\u00e9g\"],\"a\":\"Saj\u00e1t 20 m\u00b2-es st\u00e9g \u00e9s kb. 12 m sz\u00e9les v\u00edzpart \u00e1ll rendelkez\u00e9sre.\"},\n\n {\"q\":[\"takar\u00edt\u00e1s\",\"takar\u00edt\u00e1si d\u00edj\"],\"a\":\"Egyszeri v\u00e9gtakar\u00edt\u00e1s: 25 000 Ft, \u00e9rkez\u00e9skor fizetend\u0151 k\u00e9szp\u00e9nzben.\"},\n {\"q\":[\"kauci\u00f3\",\"kauci\u00f3 d\u00edj\",\"kaukci\u00f3\"],\"a\":\"Kauci\u00f3: 50 000 Ft, \u00e9rkez\u00e9skor k\u00e9szp\u00e9nzben. T\u00e1voz\u00e1skor visszaj\u00e1r.\"},\n {\"q\":[\"st\u00e9g el\u0151tt\",\"milyen m\u00e9ly a k\u00f6r\u00f6s\",\"st\u00e9gn\u00e9l\"],\"a\":\"A st\u00e9g el\u0151tt a v\u00edz ~2 m m\u00e9ly, k\u00f6z\u00e9pen 3\u20133,5 m.\"},\n {\"q\":[\"t\u00f6r\u00f6lk\u00f6z\u0151\",\"van t\u00f6r\u00f6lk\u00f6z\u0151\"],\"a\":\"Szem\u00e9lyenk\u00e9nt 1 db 100 \u00d7 60 cm-es nagy t\u00f6r\u00f6lk\u00f6z\u0151t k\u00e9sz\u00edt\u00fcnk be.\"},\n {\"q\":[\"papucs\"],\"a\":\"Javasoljuk, hogy mindenki hozzon papucsot a magasabb komfort\u00e9rt.\"},\n {\"q\":[\"hajsz\u00e1r\u00edt\u00f3\"],\"a\":\"Igen, van hajsz\u00e1r\u00edt\u00f3.\"},\n {\"q\":[\"wc pap\u00edr\",\"WC pap\u00edr\"],\"a\":\"\u00c9rkez\u00e9skor 3 tekercs WC-pap\u00edrt k\u00e9sz\u00edt\u00fcnk be.\"},\n {\"q\":[\"vasal\u00f3\"],\"a\":\"Igen, van vasal\u00f3 \u00e9s vasal\u00f3deszka.\"},\n {\"q\":[\"halak\",\"milyen halak\"],\"a\":\"Fogtak n\u00e1lunk 19 kg-os pontyot, keszeget, s\u00fcll\u0151t, csuk\u00e1t is.\"},\n {\"q\":[\"bazdmeg\",\"k\u00f6cs\u00f6g\",\"buzi\",\"kurva\",\"fasz\",\"pina\",\"fasszop\u00f3\"],\"a\":\"K\u00e9rlek, ne haszn\u00e1lj obszc\u00e9n szavakat, k\u00fcl\u00f6nben megszak\u00edtom a besz\u00e9lget\u00e9st.\"},\n {\"q\":[\"mosogat\u00f3g\u00e9p\",\"mosogat\u00f3g\u00e9p haszn\u00e1lat\"],\"a\":\"Igen, van egy 10 ter\u00edt\u00e9kes mosogat\u00f3g\u00e9p\u00fcnk.\"},\n {\"q\":[\"k\u00e1v\u00e9f\u0151z\u0151\",\"k\u00e1v\u00e9f\u0151z\u0151 haszn\u00e1lat\"],\"a\":\"Van k\u00e1v\u00e9f\u0151z\u0151nk \u00e9s a k\u00e1v\u00e9f\u0151z\u0151be dar\u00e1lt k\u00e1v\u00e9t kell tenni.\"},\n\t\n {\"q\":[\"h\u00e1ny literes a bogr\u00e1cs\",\"mekkora a bogr\u00e1cs\"],\"a\":\"A bogr\u00e1cs 16 literes.\"},\n {\"q\":[\"zen\u00e9t hallgatni\",\"lehet hallgatni\",\"zene hanger\u0151\"],\"a\":\"Igen, de csak 20:00-ig \u00e9s nem zavar\u00f3 hanger\u0151n.\"},\n {\"q\":[\"milyen boltok vannak\",\"bolt\",\"bev\u00e1s\u00e1rl\u00e1s\"],\"a\":\"A faluban: Coop, hentes, p\u00e9k. Szarvason: Lidl, Tesco, Spar.\"},\n {\"q\":[\"\u00e1llatorvos\"],\"a\":\"Van a k\u00f6zelben. Attila doktor \u00far el\u00e9rhet\u0151s\u00e9ge az oldalon a H\u00e1zirendben tal\u00e1lhat\u00f3.\"},\n {\"q\":[\"t\u00f6megk\u00f6zleked\u00e9s\",\"busz\",\"vonat\",\"megk\u00f6zel\u00edt\u00e9s\",\"c\u00edm\"],\"a\":\"Pontos c\u00edm: B\u00e9k\u00e9sszentandr\u00e1s, Dinnyelaposi \u00fcd\u00fcl\u0151sor 49.\"},\n {\"q\":[\"kar\u00e1csonyi dekor\u00e1ci\u00f3\",\"kar\u00e1csonyi\",\"dekor\u00e1ci\u00f3\",\"dekor\"],\"a\":\"Term\u00e9szetesen van! Feld\u00edsz\u00edtett nyaral\u00f3val v\u00e1runk titeket!\"},\n {\"q\":[\"l\u00e1togat\u00f3\",\"ismer\u0151s\",\"vend\u00e9g\",\"rokon\"],\"a\":\"A nyaral\u00f3ban csak a bejelentett vend\u00e9gek tart\u00f3zkodhatnak.\"},\n {\"q\":[\"\u00e9tel\",\"rendel\u00e9s\",\"\u00e9tel rendel\u00e9s\"],\"a\":\"Sz\u00e1mos \u00e9tterem sz\u00e1ll\u00edt h\u00e1zhoz a k\u00f6rny\u00e9ken.\"},\n {\"q\":[\"k\u00f6szi\",\"k\u00f6sz\u00f6n\u00f6m\"],\"a\":\"Sz\u00edvesen! \u00d6r\u00fcl\u00fcnk, ha seg\u00edthett\u00fcnk.\"},\n {\"q\":[\"video\",\"vide\u00f3\",\"bemutat\u00f3\"],\"a\":\"Igen, a Gal\u00e9ria men\u00fcben tal\u00e1lsz vide\u00f3t a teljes nyaral\u00f3r\u00f3l.\"},\n\n {\"q\":[\"v\u00edz\",\"csapv\u00edz\",\"f\u00fartk\u00fat\"],\"a\":\"Vezet\u00e9kes iv\u00f3v\u00edz van; a jakuzzi \u00e9s a medence is ezzel van felt\u00f6ltve.\"},\n {\"q\":[\"h\u0171t\u0151\",\"fagyaszt\u00f3\"],\"a\":\"Egy nagyobb h\u0171t\u0151nk van be\u00e9p\u00edtett fagyaszt\u00f3val.\"},\n {\"q\":[\"mosogat\u00f3g\u00e9p tabletta\",\"mosogat\u00f3g\u00e9ptabletta\"],\"a\":\"Igen, mindig bek\u00e9sz\u00edt\u00fcnk annyi tablett\u00e1t, ah\u00e1ny \u00e9jszak\u00e1ra foglalsz.\"},\n {\"q\":[\"nagyon sz\u00e9p a nyaral\u00f3\",\"gratul\u00e1lok\",\"sz\u00e9p a nyaral\u00f3\"],\"a\":\"Nagyon sz\u00e9pen k\u00f6sz\u00f6nj\u00fck a kedves szavakat!\"},\n {\"q\":[\"mikor szabad a nyaral\u00f3\",\"foglalt a nyaral\u00f3\",\"szabad id\u0151pontok\"],\"a\":\"A foglal\u00e1si napt\u00e1runkban naprak\u00e9szen l\u00e1tod a szabad id\u0151pontokat.\"},\n {\"q\":[\"foglalni\",\"foglal\u00e1s\"],\"a\":\"A foglal\u00e1si napt\u00e1rban v\u00e1laszd ki a d\u00e1tumokat \u00e9s t\u00f6ltsd ki az adataidat.\"},\n {\"q\":[\"egyben\",\"kivenni\",\"egyed\u00fcl\"],\"a\":\"A nyaral\u00f3ban mindig csak ti vagytok a lefoglalt id\u0151szakban.\"},\n {\"q\":[\"mennyibe ker\u00fcl\",\"mennyi lenne\",\"\u00e1r kalkul\u00e1ci\u00f3\",\"aj\u00e1nlat\",\"\u00e1raj\u00e1nlat\"],\"a\":\"A megadott id\u0151szakra itt a chat ablakban l\u00e9v\u0151 fenti \u00e1rkalkul\u00e1torral tudsz sz\u00e1molni.\"},\n\n {\"q\":[\"el\u0151leg\",\"fizet\u00e9s\",\"lemond\u00e1s\",\"m\u00f3dos\u00edt\u00e1s\"],\"a\":\"A foglal\u00e1s meger\u0151s\u00edt\u00e9s\u00e9hez a teljes d\u00edj 50%-\u00e1t kell megfizetni 24 \u00f3r\u00e1n bel\u00fcl.\"}\n];\n\nfunction normalizeString(str){ return str.normalize(\"NFD\").replace(\/[\\u0300-\\u036f]\/g,\"\").toLowerCase(); }\nasync function saveToGoogle(q, a) { try { fetch(SCRIPT_URL, { method: \"POST\", mode: \"no-cors\", body: JSON.stringify({question:q, answer:a}) }); } catch(e){} }\n\nfunction handleQuestion(){\nconst question = chatInput.value.trim(); if(!question) return;\nconst p = document.createElement('div'); p.style.marginBottom=\"12px\"; p.style.color=\"#000\"; p.innerHTML=`<strong style=\"color:#555;\">\u00c9n:<\/strong> ${question}`; chatLog.appendChild(p);\n\nlet answer = \"Erre most sajnos nincs pontos v\u00e1laszom vagy lehet rosszul \u00edrtad le a k\u00e9rd\u00e9sed, de elmentett\u00fck \u00e9s ut\u00e1nan\u00e9z\u00fcnk!\";\nconst normQ = normalizeString(question);\nfor(let item of gyik){ if(item.q.some(kw => normQ.includes(normalizeString(kw)))){ answer = item.a; break; } }\n\nconst pa = document.createElement('div'); pa.style.marginBottom=\"18px\"; pa.style.color=\"#000\"; pa.innerHTML=`<strong style=\"color:#ff5555;\">Atina:<\/strong> ${answer}`; chatLog.appendChild(pa);\nsaveToGoogle(question, answer); chatInput.value=''; chatLog.scrollTop = chatLog.scrollHeight;\n}\nchatInput.addEventListener('keydown', e => { if(e.key==='Enter') handleQuestion(); });\nchatSend.addEventListener('click', handleQuestion);\n<\/script>\n\n","protected":false},"excerpt":{"rendered":"<p>\ud83d\udcac Szia Atina AI vagyok, miben seg\u00edthetek? V\u00e1lassz szezont: El\u0151-\/Ut\u00f3szezon (jan.03\u2013m\u00e1j.15, szept.16\u2013dec.29)F\u0151szezon (m\u00e1j.16\u2013m\u00e1j.31, szept.01\u2013szept.15)Cs\u00facsszezon (j\u00fan.01\u2013aug.31) F\u0151 (3 \u00e9v felett): Gyerek (0\u20133 \u00e9v): Kutyus (max 2): \u00c9jszak\u00e1k: \u00c1RKALKUL\u00c1CI\u00d3 Tov\u00e1bbi k\u00e9rd\u00e9sed van a nyaral\u00f3r\u00f3l? K\u00e9rdezz t\u0151lem : \u27a4<\/p>","protected":false},"author":2,"featured_media":0,"parent":0,"menu_order":0,"comment_status":"closed","ping_status":"closed","template":"","meta":{"footnotes":""},"class_list":["post-1100","page","type-page","status-publish","hentry"],"yoast_head":"<!-- This site is optimized with the Yoast SEO plugin v27.5 - https:\/\/yoast.com\/product\/yoast-seo-wordpress\/ -->\n<title>Atina AI Chat &#183; ANTARA NYARAL\u00d3 Csal\u00e1di kikapcsol\u00f3d\u00e1s f\u0171t\u00f6tt medenc\u00e9vel jakuzzival finn szaun\u00e1val B\u00e9k\u00e9sszentandr\u00e1son Antara Nyaral\u00f3 Atina AI Chat<\/title>\n<meta name=\"description\" content=\"Fedezze fel az Antara Nyaral\u00f3t B\u00e9k\u00e9sszentandr\u00e1son, ahol a csal\u00e1di kikapcsol\u00f3d\u00e1s garant\u00e1lt! \u00c9lvezze a f\u0171t\u00f6tt medenc\u00e9t, wellness szolg\u00e1ltat\u00e1sokat jakuzzival finn szaun\u00e1val \u00e9s a term\u00e9szet k\u00f6zels\u00e9g\u00e9t a Holt K\u00f6r\u00f6s partj\u00e1n Atina AI Chat ANTARA NYARAL\u00d3\" \/>\n<meta name=\"robots\" content=\"index, follow, max-snippet:-1, max-image-preview:large, max-video-preview:-1\" \/>\n<link rel=\"canonical\" href=\"https:\/\/antara.hu\/en\/atina-ai-chat\/\" \/>\n<meta property=\"og:locale\" content=\"en_GB\" \/>\n<meta property=\"og:type\" content=\"article\" \/>\n<meta property=\"og:title\" content=\"Atina AI Chat &#183; ANTARA NYARAL\u00d3 Csal\u00e1di kikapcsol\u00f3d\u00e1s f\u0171t\u00f6tt medenc\u00e9vel jakuzzival finn szaun\u00e1val B\u00e9k\u00e9sszentandr\u00e1son Antara Nyaral\u00f3 Atina AI Chat\" \/>\n<meta property=\"og:description\" content=\"Fedezze fel az Antara Nyaral\u00f3t B\u00e9k\u00e9sszentandr\u00e1son, ahol a csal\u00e1di kikapcsol\u00f3d\u00e1s garant\u00e1lt! \u00c9lvezze a f\u0171t\u00f6tt medenc\u00e9t, wellness szolg\u00e1ltat\u00e1sokat jakuzzival finn szaun\u00e1val \u00e9s a term\u00e9szet k\u00f6zels\u00e9g\u00e9t a Holt K\u00f6r\u00f6s partj\u00e1n Atina AI Chat ANTARA NYARAL\u00d3\" \/>\n<meta property=\"og:url\" content=\"https:\/\/antara.hu\/en\/atina-ai-chat\/\" \/>\n<meta property=\"og:site_name\" content=\"ANTARA NYARAL\u00d3\" \/>\n<meta property=\"article:publisher\" content=\"https:\/\/www.facebook.com\/antaranyaralo\" \/>\n<meta property=\"article:modified_time\" content=\"2026-05-01T08:07:08+00:00\" \/>\n<meta property=\"og:image\" content=\"https:\/\/antara.hu\/wp-content\/uploads\/2024\/01\/antara-web-2.png\" \/>\n\t<meta property=\"og:image:width\" content=\"1400\" \/>\n\t<meta property=\"og:image:height\" content=\"735\" \/>\n\t<meta property=\"og:image:type\" content=\"image\/png\" \/>\n<meta name=\"twitter:card\" content=\"summary_large_image\" \/>\n<meta name=\"twitter:label1\" content=\"Estimated reading time\" \/>\n\t<meta name=\"twitter:data1\" content=\"1 minute\" \/>\n<script type=\"application\/ld+json\" class=\"yoast-schema-graph\">{\"@context\":\"https:\\\/\\\/schema.org\",\"@graph\":[{\"@type\":\"WebPage\",\"@id\":\"https:\\\/\\\/antara.hu\\\/atina-ai-chat\\\/\",\"url\":\"https:\\\/\\\/antara.hu\\\/atina-ai-chat\\\/\",\"name\":\"Atina AI Chat &#183; ANTARA NYARAL\u00d3 Csal\u00e1di kikapcsol\u00f3d\u00e1s f\u0171t\u00f6tt medenc\u00e9vel jakuzzival finn szaun\u00e1val B\u00e9k\u00e9sszentandr\u00e1son Antara Nyaral\u00f3 Atina AI Chat\",\"isPartOf\":{\"@id\":\"https:\\\/\\\/antara.hu\\\/#website\"},\"datePublished\":\"2026-05-01T07:33:45+00:00\",\"dateModified\":\"2026-05-01T08:07:08+00:00\",\"description\":\"Fedezze fel az Antara Nyaral\u00f3t B\u00e9k\u00e9sszentandr\u00e1son, ahol a csal\u00e1di kikapcsol\u00f3d\u00e1s garant\u00e1lt! \u00c9lvezze a f\u0171t\u00f6tt medenc\u00e9t, wellness szolg\u00e1ltat\u00e1sokat jakuzzival finn szaun\u00e1val \u00e9s a term\u00e9szet k\u00f6zels\u00e9g\u00e9t a Holt K\u00f6r\u00f6s partj\u00e1n Atina AI Chat ANTARA NYARAL\u00d3\",\"breadcrumb\":{\"@id\":\"https:\\\/\\\/antara.hu\\\/atina-ai-chat\\\/#breadcrumb\"},\"inLanguage\":\"en-GB\",\"potentialAction\":[{\"@type\":\"ReadAction\",\"target\":[\"https:\\\/\\\/antara.hu\\\/atina-ai-chat\\\/\"]}]},{\"@type\":\"BreadcrumbList\",\"@id\":\"https:\\\/\\\/antara.hu\\\/atina-ai-chat\\\/#breadcrumb\",\"itemListElement\":[{\"@type\":\"ListItem\",\"position\":1,\"name\":\"Kezd\u0151lap\",\"item\":\"https:\\\/\\\/antara.hu\\\/\"},{\"@type\":\"ListItem\",\"position\":2,\"name\":\"Atina AI Chat\"}]},{\"@type\":\"WebSite\",\"@id\":\"https:\\\/\\\/antara.hu\\\/#website\",\"url\":\"https:\\\/\\\/antara.hu\\\/\",\"name\":\"ANTARA RESORT B\u00e9k\u00e9sszentandr\u00e1s\",\"description\":\"\",\"publisher\":{\"@id\":\"https:\\\/\\\/antara.hu\\\/#organization\"},\"potentialAction\":[{\"@type\":\"SearchAction\",\"target\":{\"@type\":\"EntryPoint\",\"urlTemplate\":\"https:\\\/\\\/antara.hu\\\/?s={search_term_string}\"},\"query-input\":{\"@type\":\"PropertyValueSpecification\",\"valueRequired\":true,\"valueName\":\"search_term_string\"}}],\"inLanguage\":\"en-GB\"},{\"@type\":\"Organization\",\"@id\":\"https:\\\/\\\/antara.hu\\\/#organization\",\"name\":\"ANTARA NYARAL\u00d3\",\"url\":\"https:\\\/\\\/antara.hu\\\/\",\"logo\":{\"@type\":\"ImageObject\",\"inLanguage\":\"en-GB\",\"@id\":\"https:\\\/\\\/antara.hu\\\/#\\\/schema\\\/logo\\\/image\\\/\",\"url\":\"https:\\\/\\\/antara.hu\\\/wp-content\\\/uploads\\\/2024\\\/01\\\/anatara-logo1.png\",\"contentUrl\":\"https:\\\/\\\/antara.hu\\\/wp-content\\\/uploads\\\/2024\\\/01\\\/anatara-logo1.png\",\"width\":1092,\"height\":602,\"caption\":\"ANTARA NYARAL\u00d3\"},\"image\":{\"@id\":\"https:\\\/\\\/antara.hu\\\/#\\\/schema\\\/logo\\\/image\\\/\"},\"sameAs\":[\"https:\\\/\\\/www.facebook.com\\\/antaranyaralo\"]}]}<\/script>\n<!-- \/ Yoast SEO plugin. -->","yoast_head_json":{"title":"Atina AI Chat &#183; ANTARA NYARAL\u00d3 Csal\u00e1di kikapcsol\u00f3d\u00e1s f\u0171t\u00f6tt medenc\u00e9vel jakuzzival finn szaun\u00e1val B\u00e9k\u00e9sszentandr\u00e1son Antara Nyaral\u00f3 Atina AI Chat","description":"Fedezze fel az Antara Nyaral\u00f3t B\u00e9k\u00e9sszentandr\u00e1son, ahol a csal\u00e1di kikapcsol\u00f3d\u00e1s garant\u00e1lt! \u00c9lvezze a f\u0171t\u00f6tt medenc\u00e9t, wellness szolg\u00e1ltat\u00e1sokat jakuzzival finn szaun\u00e1val \u00e9s a term\u00e9szet k\u00f6zels\u00e9g\u00e9t a Holt K\u00f6r\u00f6s partj\u00e1n Atina AI Chat ANTARA NYARAL\u00d3","robots":{"index":"index","follow":"follow","max-snippet":"max-snippet:-1","max-image-preview":"max-image-preview:large","max-video-preview":"max-video-preview:-1"},"canonical":"https:\/\/antara.hu\/en\/atina-ai-chat\/","og_locale":"en_GB","og_type":"article","og_title":"Atina AI Chat &#183; ANTARA NYARAL\u00d3 Csal\u00e1di kikapcsol\u00f3d\u00e1s f\u0171t\u00f6tt medenc\u00e9vel jakuzzival finn szaun\u00e1val B\u00e9k\u00e9sszentandr\u00e1son Antara Nyaral\u00f3 Atina AI Chat","og_description":"Fedezze fel az Antara Nyaral\u00f3t B\u00e9k\u00e9sszentandr\u00e1son, ahol a csal\u00e1di kikapcsol\u00f3d\u00e1s garant\u00e1lt! \u00c9lvezze a f\u0171t\u00f6tt medenc\u00e9t, wellness szolg\u00e1ltat\u00e1sokat jakuzzival finn szaun\u00e1val \u00e9s a term\u00e9szet k\u00f6zels\u00e9g\u00e9t a Holt K\u00f6r\u00f6s partj\u00e1n Atina AI Chat ANTARA NYARAL\u00d3","og_url":"https:\/\/antara.hu\/en\/atina-ai-chat\/","og_site_name":"ANTARA NYARAL\u00d3","article_publisher":"https:\/\/www.facebook.com\/antaranyaralo","article_modified_time":"2026-05-01T08:07:08+00:00","og_image":[{"width":1400,"height":735,"url":"https:\/\/antara.hu\/wp-content\/uploads\/2024\/01\/antara-web-2.png","type":"image\/png"}],"twitter_card":"summary_large_image","twitter_misc":{"Estimated reading time":"1 minute"},"schema":{"@context":"https:\/\/schema.org","@graph":[{"@type":"WebPage","@id":"https:\/\/antara.hu\/atina-ai-chat\/","url":"https:\/\/antara.hu\/atina-ai-chat\/","name":"Atina AI Chat &#183; ANTARA NYARAL\u00d3 Csal\u00e1di kikapcsol\u00f3d\u00e1s f\u0171t\u00f6tt medenc\u00e9vel jakuzzival finn szaun\u00e1val B\u00e9k\u00e9sszentandr\u00e1son Antara Nyaral\u00f3 Atina AI Chat","isPartOf":{"@id":"https:\/\/antara.hu\/#website"},"datePublished":"2026-05-01T07:33:45+00:00","dateModified":"2026-05-01T08:07:08+00:00","description":"Fedezze fel az Antara Nyaral\u00f3t B\u00e9k\u00e9sszentandr\u00e1son, ahol a csal\u00e1di kikapcsol\u00f3d\u00e1s garant\u00e1lt! \u00c9lvezze a f\u0171t\u00f6tt medenc\u00e9t, wellness szolg\u00e1ltat\u00e1sokat jakuzzival finn szaun\u00e1val \u00e9s a term\u00e9szet k\u00f6zels\u00e9g\u00e9t a Holt K\u00f6r\u00f6s partj\u00e1n Atina AI Chat ANTARA NYARAL\u00d3","breadcrumb":{"@id":"https:\/\/antara.hu\/atina-ai-chat\/#breadcrumb"},"inLanguage":"en-GB","potentialAction":[{"@type":"ReadAction","target":["https:\/\/antara.hu\/atina-ai-chat\/"]}]},{"@type":"BreadcrumbList","@id":"https:\/\/antara.hu\/atina-ai-chat\/#breadcrumb","itemListElement":[{"@type":"ListItem","position":1,"name":"Kezd\u0151lap","item":"https:\/\/antara.hu\/"},{"@type":"ListItem","position":2,"name":"Atina AI Chat"}]},{"@type":"WebSite","@id":"https:\/\/antara.hu\/#website","url":"https:\/\/antara.hu\/","name":"ANTARA RESORT B\u00e9k\u00e9sszentandr\u00e1s","description":"","publisher":{"@id":"https:\/\/antara.hu\/#organization"},"potentialAction":[{"@type":"SearchAction","target":{"@type":"EntryPoint","urlTemplate":"https:\/\/antara.hu\/?s={search_term_string}"},"query-input":{"@type":"PropertyValueSpecification","valueRequired":true,"valueName":"search_term_string"}}],"inLanguage":"en-GB"},{"@type":"Organization","@id":"https:\/\/antara.hu\/#organization","name":"ANTARA NYARAL\u00d3","url":"https:\/\/antara.hu\/","logo":{"@type":"ImageObject","inLanguage":"en-GB","@id":"https:\/\/antara.hu\/#\/schema\/logo\/image\/","url":"https:\/\/antara.hu\/wp-content\/uploads\/2024\/01\/anatara-logo1.png","contentUrl":"https:\/\/antara.hu\/wp-content\/uploads\/2024\/01\/anatara-logo1.png","width":1092,"height":602,"caption":"ANTARA NYARAL\u00d3"},"image":{"@id":"https:\/\/antara.hu\/#\/schema\/logo\/image\/"},"sameAs":["https:\/\/www.facebook.com\/antaranyaralo"]}]}},"_links":{"self":[{"href":"https:\/\/antara.hu\/en\/wp-json\/wp\/v2\/pages\/1100","targetHints":{"allow":["GET"]}}],"collection":[{"href":"https:\/\/antara.hu\/en\/wp-json\/wp\/v2\/pages"}],"about":[{"href":"https:\/\/antara.hu\/en\/wp-json\/wp\/v2\/types\/page"}],"author":[{"embeddable":true,"href":"https:\/\/antara.hu\/en\/wp-json\/wp\/v2\/users\/2"}],"replies":[{"embeddable":true,"href":"https:\/\/antara.hu\/en\/wp-json\/wp\/v2\/comments?post=1100"}],"version-history":[{"count":10,"href":"https:\/\/antara.hu\/en\/wp-json\/wp\/v2\/pages\/1100\/revisions"}],"predecessor-version":[{"id":1112,"href":"https:\/\/antara.hu\/en\/wp-json\/wp\/v2\/pages\/1100\/revisions\/1112"}],"wp:attachment":[{"href":"https:\/\/antara.hu\/en\/wp-json\/wp\/v2\/media?parent=1100"}],"curies":[{"name":"wp","href":"https:\/\/api.w.org\/{rel}","templated":true}]}}